{"id":12391,"date":"2023-06-07T19:07:05","date_gmt":"2023-06-07T19:07:05","guid":{"rendered":"https:\/\/atravesdelpassatge.com\/?page_id=12391"},"modified":"2023-06-13T07:42:42","modified_gmt":"2023-06-13T07:42:42","slug":"declaracion-de-accesibilidad","status":"publish","type":"page","link":"https:\/\/atravesdelpassatge.com\/es\/declaracion-de-accesibilidad\/","title":{"rendered":"Declaraci\u00f3n de Accesibilidad"},"content":{"rendered":"\t\t<div data-elementor-type=\"wp-page\" data-elementor-id=\"12391\" class=\"elementor elementor-12391 elementor-12386\">\n\t\t\t\t\t\t\t\t\t<section class=\"elementor-section elementor-top-section elementor-element elementor-element-f2205cc elementor-section-boxed elementor-section-height-default elementor-section-height-default\" data-id=\"f2205cc\" data-element_type=\"section\">\n\t\t\t\t\t\t<div class=\"elementor-container elementor-column-gap-default\">\n\t\t\t\t\t<div class=\"elementor-column elementor-col-100 elementor-top-column elementor-element elementor-element-99aee73\" data-id=\"99aee73\" data-element_type=\"column\">\n\t\t\t<div class=\"elementor-widget-wrap elementor-element-populated\">\n\t\t\t\t\t\t\t\t<div class=\"elementor-element elementor-element-acc9a1f elementor-widget elementor-widget-text-editor\" data-id=\"acc9a1f\" data-element_type=\"widget\" data-widget_type=\"text-editor.default\">\n\t\t\t\t<div class=\"elementor-widget-container\">\n\t\t\t<style>\/*! elementor - v3.13.3 - 28-05-2023 *\/\n.elementor-widget-text-editor.elementor-drop-cap-view-stacked .elementor-drop-cap{background-color:#69727d;color:#fff}.elementor-widget-text-editor.elementor-drop-cap-view-framed .elementor-drop-cap{color:#69727d;border:3px solid;background-color:transparent}.elementor-widget-text-editor:not(.elementor-drop-cap-view-default) .elementor-drop-cap{margin-top:8px}.elementor-widget-text-editor:not(.elementor-drop-cap-view-default) .elementor-drop-cap-letter{width:1em;height:1em}.elementor-widget-text-editor .elementor-drop-cap{float:left;text-align:center;line-height:1;font-size:50px}.elementor-widget-text-editor .elementor-drop-cap-letter{display:inline-block}<\/style>\t\t\t\t<p><b>Serveis d\u2019Internet Javajan SL<\/b><span style=\"font-weight: 400;\">,\u00a0 se ha comprometido a hacer accesibles sus sitios web, de conformidad con el <\/span><a href=\"https:\/\/www.boe.es\/buscar\/act.php?id=BOE-A-2018-12699\"><b>Real Decreto 1112\/2018<\/b><\/a><span style=\"font-weight: 400;\">, de 7 de septiembre, sobre accesibilidad de los sitios web y aplicaciones para dispositivos m\u00f3viles, por la que se traspone al ordenamiento jur\u00eddico espa\u00f1ol la <\/span><a href=\"http:\/\/eur-lex.europa.eu\/legal-content\/ES\/TXT\/?uri=uriserv:OJ.L_.2016.327.01.0001.01.SPA&amp;toc=OJ:L:2016:327:FULL\"><span style=\"font-weight: 400;\">Directiva (UE) 2016\/2102 del Parlamento Europeo y del Consejo<\/span><\/a><span style=\"font-weight: 400;\">.<\/span><\/p><p><span style=\"font-weight: 400;\">La presente declaraci\u00f3n de accesibilidad se aplica al web <\/span><span style=\"font-weight: 400;\">https:\/\/www.atravesdelpassatge.com<\/span><\/p><h2><span style=\"font-weight: 400;\">Situaci\u00f3n de cumplimiento<\/span><\/h2><p><span style=\"font-weight: 400;\">Este sitio web es parcialmente<\/span><b> conforme<\/b><span style=\"font-weight: 400;\"> con el <\/span><a href=\"https:\/\/www.boe.es\/diario_boe\/txt.php?id=BOE-A-2018-12699\"><b>RD 1112\/2018<\/b><\/a><span style=\"font-weight: 400;\"> debido a las excepciones y a la falta de conformidad de los aspectos que se indican a continuaci\u00f3n.<\/span><\/p><h2><span style=\"font-weight: 400;\">Contenido no accesible<\/span><\/h2><p><span style=\"font-weight: 400;\">El contenido que se recoge a continuaci\u00f3n no es accesible por lo siguiente:<\/span><\/p><ol><li style=\"font-weight: 400;\" aria-level=\"1\"><b>Falta de conformidad con el RD 1112\/2018<\/b><ul><li style=\"font-weight: 400;\" aria-level=\"2\"><span style=\"font-weight: 400;\">Debido a la automatizaci\u00f3n de algunas de las publicaciones podr\u00edan existir p\u00e1ginas con un incorrecto anidamiento de etiquetas HTML.<\/span><\/li><li style=\"font-weight: 400;\" aria-level=\"2\"><span style=\"font-weight: 400;\">Existen documentos en formato PDF que no cumplen con la normativa.<\/span><\/li><li style=\"font-weight: 400;\" aria-level=\"2\"><span style=\"font-weight: 400;\">Podr\u00edan existir fallos puntuales de edici\u00f3n en alguna p\u00e1gina web.<\/span><\/li><\/ul><\/li><li style=\"font-weight: 400;\" aria-level=\"1\"><b>Carga desproporcionada<\/b><ul><li style=\"font-weight: 400;\" aria-level=\"2\"><span style=\"font-weight: 400;\">No aplica.<\/span><\/li><\/ul><\/li><li style=\"font-weight: 400;\" aria-level=\"1\"><b>Contenido que no entra dentro del \u00e1mbito de la legislaci\u00f3n aplicable<\/b><ul><li style=\"font-weight: 400;\" aria-level=\"2\"><span style=\"font-weight: 400;\">Archivos ofim\u00e1ticos en PDF u otros formatos, as\u00ed como aplicaciones publicadas antes del 20 de septiembre de 2018 que no cumplan en su totalidad todos los requisitos de accesibilidad.<\/span><\/li><li style=\"font-weight: 400;\" aria-level=\"2\"><span style=\"font-weight: 400;\">Contenidos multimedia en directo.<\/span><\/li><li style=\"font-weight: 400;\" aria-level=\"2\"><span style=\"font-weight: 400;\">Contenido multimedia pregrabado publicado antes de la entrada en vigor del Real Decreto.<\/span><\/li><li style=\"font-weight: 400;\" aria-level=\"2\"><span style=\"font-weight: 400;\">Servicios de mapa en l\u00ednea.<\/span><\/li><\/ul><\/li><\/ol><h2><span style=\"font-weight: 400;\">Preparaci\u00f3n de la presente declaraci\u00f3n de accesibilidad<\/span><\/h2><p><span style=\"font-weight: 400;\">La presente declaraci\u00f3n fue preparada el 23 de febrero de 2023 y est\u00e1 basada en los Informes de Accesibilidad Web del <\/span><a href=\"https:\/\/administracionelectronica.gob.es\/pae_Home\/pae_Estrategias\/pae_Accesibilidad.html\"><b>Observatorio de Accesibilidad<\/b><\/a><span style=\"font-weight: 400;\">.<\/span><\/p><p><span style=\"font-weight: 400;\">La fecha de la \u00faltima revisi\u00f3n ha sido el 24 de mayo de 2023.<\/span><\/p><h2><span style=\"font-weight: 400;\">Observaciones y datos de contacto<\/span><\/h2><p><span style=\"font-weight: 400;\">Puede realizar <\/span><b>comunicaciones<\/b><span style=\"font-weight: 400;\"> sobre requisitos de accesibilidad (art\u00edculo 10.2 del RD 1112\/2018) como por ejemplo:<\/span><\/p><ul><li style=\"font-weight: 400;\" aria-level=\"1\"><span style=\"font-weight: 400;\">informar sobre cualquier posible incumplimiento por parte de este sitio web<\/span><\/li><li style=\"font-weight: 400;\" aria-level=\"1\"><span style=\"font-weight: 400;\">transmitir otras <\/span><b>dificultades de acceso<\/b><span style=\"font-weight: 400;\"> al contenido<\/span><\/li><li style=\"font-weight: 400;\" aria-level=\"1\"><span style=\"font-weight: 400;\">formular cualquier otra <\/span><b>consulta o sugerencia de mejora<\/b><span style=\"font-weight: 400;\"> relativa a la accesibilidad del sitio web<\/span><\/li><\/ul><p><span style=\"font-weight: 400;\">a trav\u00e9s del correo electr\u00f3nico <\/span><a href=\"mailto:info@javajan.com\"><span style=\"font-weight: 400;\">info@javajan.com<\/span><\/a><span style=\"font-weight: 400;\"> indicando en el asunto el nombre de la p\u00e1gina.<\/span><\/p><h2><span style=\"font-weight: 400;\">Contenido opcional<\/span><\/h2><p><span style=\"font-weight: 400;\">Este sitio web:<\/span><\/p><ul><li style=\"font-weight: 400;\" aria-level=\"1\"><span style=\"font-weight: 400;\">Se ha dise\u00f1ado adapt\u00e1ndose a los est\u00e1ndares y normativas vigentes en relaci\u00f3n a la accesibilidad, cumpliendo con los puntos de verificaci\u00f3n de prioridad 2 (AA) definidos en la especificaci\u00f3n de Pautas de Accesibilidad al Contenido en la Web (WCAG 2.1).<\/span><\/li><li style=\"font-weight: 400;\" aria-level=\"1\"><span style=\"font-weight: 400;\">Cumple con los requisitos de la Norma <\/span><a href=\"https:\/\/administracionelectronica.gob.es\/pae_Home\/dam\/jcr:2352eaaf-2ee8-4501-a67b-bb682c6de934\/Norma_UNE-EN_301549.pdf\"><span style=\"font-weight: 400;\">UNE-EN 301549 v1.1.2:2015<\/span><\/a><span style=\"font-weight: 400;\">, considerando las excepciones del Real Decreto 1112\/2018.<\/span><\/li><li style=\"font-weight: 400;\" aria-level=\"1\"><span style=\"font-weight: 400;\">Est\u00e1 dise\u00f1ado para su correcta visualizaci\u00f3n en dispositivos de escritorio, tablet y m\u00f3viles para una resoluci\u00f3n m\u00ednima de <\/span><b>1280&#215;1024<\/b><span style=\"font-weight: 400;\">.<\/span><\/li><li style=\"font-weight: 400;\" aria-level=\"1\"><span style=\"font-weight: 400;\">Se ha realizado utilizando HTML5 como lenguaje de marcado y hojas de estilo CSS 3 para su dise\u00f1o.<\/span><\/li><\/ul>\t\t\t\t\t\t<\/div>\n\t\t\t\t<\/div>\n\t\t\t\t\t<\/div>\n\t\t<\/div>\n\t\t\t\t\t\t\t<\/div>\n\t\t<\/section>\n\t\t\t\t\t\t\t<\/div>\n\t\t","protected":false},"excerpt":{"rendered":"<p>Serveis d\u2019Internet Javajan SL,&nbsp; se ha comprometido a hacer accesibles sus sitios web, de conformidad con el Real Decreto 1112\/2018, de 7 de septiembre, sobre accesibilidad de los sitios web y aplicaciones para dispositivos m\u00f3viles, por la que se traspone al ordenamiento jur\u00eddico espa\u00f1ol la Directiva (UE) 2016\/2102 del Parlamento Europeo y del Consejo. La [&hellip;]<\/p>\n","protected":false},"author":1,"featured_media":0,"parent":0,"menu_order":0,"comment_status":"closed","ping_status":"closed","template":"","meta":{"footnotes":""},"class_list":["post-12391","page","type-page","status-publish","hentry"],"yoast_head":"<!-- This site is optimized with the Yoast SEO plugin v21.4 - https:\/\/yoast.com\/wordpress\/plugins\/seo\/ -->\n<title>Declaraci\u00f3n de Accesibilidad - A trav\u00e9s del passatge<\/title>\n<meta name=\"robots\" content=\"index, follow, max-snippet:-1, max-image-preview:large, max-video-preview:-1\" \/>\n<link rel=\"canonical\" href=\"https:\/\/atravesdelpassatge.com\/es\/declaracion-de-accesibilidad\/\" \/>\n<meta property=\"og:locale\" content=\"es_ES\" \/>\n<meta property=\"og:type\" content=\"article\" \/>\n<meta property=\"og:title\" content=\"Declaraci\u00f3n de Accesibilidad - A trav\u00e9s del passatge\" \/>\n<meta property=\"og:description\" content=\"Serveis d\u2019Internet Javajan SL,&nbsp; se ha comprometido a hacer accesibles sus sitios web, de conformidad con el Real Decreto 1112\/2018, de 7 de septiembre, sobre accesibilidad de los sitios web y aplicaciones para dispositivos m\u00f3viles, por la que se traspone al ordenamiento jur\u00eddico espa\u00f1ol la Directiva (UE) 2016\/2102 del Parlamento Europeo y del Consejo. La [&hellip;]\" \/>\n<meta property=\"og:url\" content=\"https:\/\/atravesdelpassatge.com\/es\/declaracion-de-accesibilidad\/\" \/>\n<meta property=\"og:site_name\" content=\"A trav\u00e9s del passatge\" \/>\n<meta property=\"article:modified_time\" content=\"2023-06-13T07:42:42+00:00\" \/>\n<meta name=\"twitter:card\" content=\"summary_large_image\" \/>\n<meta name=\"twitter:label1\" content=\"Tiempo de lectura\" \/>\n\t<meta name=\"twitter:data1\" content=\"2 minutos\" \/>\n<script type=\"application\/ld+json\" class=\"yoast-schema-graph\">{\"@context\":\"https:\/\/schema.org\",\"@graph\":[{\"@type\":\"WebPage\",\"@id\":\"https:\/\/atravesdelpassatge.com\/es\/declaracion-de-accesibilidad\/\",\"url\":\"https:\/\/atravesdelpassatge.com\/es\/declaracion-de-accesibilidad\/\",\"name\":\"Declaraci\u00f3n de Accesibilidad - A trav\u00e9s del passatge\",\"isPartOf\":{\"@id\":\"https:\/\/atravesdelpassatge.com\/es\/#website\"},\"datePublished\":\"2023-06-07T19:07:05+00:00\",\"dateModified\":\"2023-06-13T07:42:42+00:00\",\"breadcrumb\":{\"@id\":\"https:\/\/atravesdelpassatge.com\/es\/declaracion-de-accesibilidad\/#breadcrumb\"},\"inLanguage\":\"es\",\"potentialAction\":[{\"@type\":\"ReadAction\",\"target\":[\"https:\/\/atravesdelpassatge.com\/es\/declaracion-de-accesibilidad\/\"]}]},{\"@type\":\"BreadcrumbList\",\"@id\":\"https:\/\/atravesdelpassatge.com\/es\/declaracion-de-accesibilidad\/#breadcrumb\",\"itemListElement\":[{\"@type\":\"ListItem\",\"position\":1,\"name\":\"Inici\",\"item\":\"https:\/\/atravesdelpassatge.com\/es\/\"},{\"@type\":\"ListItem\",\"position\":2,\"name\":\"Declaraci\u00f3n de Accesibilidad\"}]},{\"@type\":\"WebSite\",\"@id\":\"https:\/\/atravesdelpassatge.com\/es\/#website\",\"url\":\"https:\/\/atravesdelpassatge.com\/es\/\",\"name\":\"A trav\u00e9s del passatge\",\"description\":\"\",\"publisher\":{\"@id\":\"https:\/\/atravesdelpassatge.com\/es\/#organization\"},\"potentialAction\":[{\"@type\":\"SearchAction\",\"target\":{\"@type\":\"EntryPoint\",\"urlTemplate\":\"https:\/\/atravesdelpassatge.com\/es\/?s={search_term_string}\"},\"query-input\":\"required name=search_term_string\"}],\"inLanguage\":\"es\"},{\"@type\":\"Organization\",\"@id\":\"https:\/\/atravesdelpassatge.com\/es\/#organization\",\"name\":\"A trav\u00e9s del passatge\",\"url\":\"https:\/\/atravesdelpassatge.com\/es\/\",\"logo\":{\"@type\":\"ImageObject\",\"inLanguage\":\"es\",\"@id\":\"https:\/\/atravesdelpassatge.com\/es\/#\/schema\/logo\/image\/\",\"url\":\"https:\/\/atravesdelpassatge.com\/wp-content\/uploads\/2023\/06\/5_Logo-1.jpg\",\"contentUrl\":\"https:\/\/atravesdelpassatge.com\/wp-content\/uploads\/2023\/06\/5_Logo-1.jpg\",\"width\":1063,\"height\":709,\"caption\":\"A trav\u00e9s del passatge\"},\"image\":{\"@id\":\"https:\/\/atravesdelpassatge.com\/es\/#\/schema\/logo\/image\/\"},\"sameAs\":[\"https:\/\/www.instagram.com\/maria.verdera_arquitecta\",\"https:\/\/linkedin.com\/in\/maria-verdera-garau\"]}]}<\/script>\n<!-- \/ Yoast SEO plugin. -->","yoast_head_json":{"title":"Declaraci\u00f3n de Accesibilidad - A trav\u00e9s del passatge","robots":{"index":"index","follow":"follow","max-snippet":"max-snippet:-1","max-image-preview":"max-image-preview:large","max-video-preview":"max-video-preview:-1"},"canonical":"https:\/\/atravesdelpassatge.com\/es\/declaracion-de-accesibilidad\/","og_locale":"es_ES","og_type":"article","og_title":"Declaraci\u00f3n de Accesibilidad - A trav\u00e9s del passatge","og_description":"Serveis d\u2019Internet Javajan SL,&nbsp; se ha comprometido a hacer accesibles sus sitios web, de conformidad con el Real Decreto 1112\/2018, de 7 de septiembre, sobre accesibilidad de los sitios web y aplicaciones para dispositivos m\u00f3viles, por la que se traspone al ordenamiento jur\u00eddico espa\u00f1ol la Directiva (UE) 2016\/2102 del Parlamento Europeo y del Consejo. La [&hellip;]","og_url":"https:\/\/atravesdelpassatge.com\/es\/declaracion-de-accesibilidad\/","og_site_name":"A trav\u00e9s del passatge","article_modified_time":"2023-06-13T07:42:42+00:00","twitter_card":"summary_large_image","twitter_misc":{"Tiempo de lectura":"2 minutos"},"schema":{"@context":"https:\/\/schema.org","@graph":[{"@type":"WebPage","@id":"https:\/\/atravesdelpassatge.com\/es\/declaracion-de-accesibilidad\/","url":"https:\/\/atravesdelpassatge.com\/es\/declaracion-de-accesibilidad\/","name":"Declaraci\u00f3n de Accesibilidad - A trav\u00e9s del passatge","isPartOf":{"@id":"https:\/\/atravesdelpassatge.com\/es\/#website"},"datePublished":"2023-06-07T19:07:05+00:00","dateModified":"2023-06-13T07:42:42+00:00","breadcrumb":{"@id":"https:\/\/atravesdelpassatge.com\/es\/declaracion-de-accesibilidad\/#breadcrumb"},"inLanguage":"es","potentialAction":[{"@type":"ReadAction","target":["https:\/\/atravesdelpassatge.com\/es\/declaracion-de-accesibilidad\/"]}]},{"@type":"BreadcrumbList","@id":"https:\/\/atravesdelpassatge.com\/es\/declaracion-de-accesibilidad\/#breadcrumb","itemListElement":[{"@type":"ListItem","position":1,"name":"Inici","item":"https:\/\/atravesdelpassatge.com\/es\/"},{"@type":"ListItem","position":2,"name":"Declaraci\u00f3n de Accesibilidad"}]},{"@type":"WebSite","@id":"https:\/\/atravesdelpassatge.com\/es\/#website","url":"https:\/\/atravesdelpassatge.com\/es\/","name":"A trav\u00e9s del passatge","description":"","publisher":{"@id":"https:\/\/atravesdelpassatge.com\/es\/#organization"},"potentialAction":[{"@type":"SearchAction","target":{"@type":"EntryPoint","urlTemplate":"https:\/\/atravesdelpassatge.com\/es\/?s={search_term_string}"},"query-input":"required name=search_term_string"}],"inLanguage":"es"},{"@type":"Organization","@id":"https:\/\/atravesdelpassatge.com\/es\/#organization","name":"A trav\u00e9s del passatge","url":"https:\/\/atravesdelpassatge.com\/es\/","logo":{"@type":"ImageObject","inLanguage":"es","@id":"https:\/\/atravesdelpassatge.com\/es\/#\/schema\/logo\/image\/","url":"https:\/\/atravesdelpassatge.com\/wp-content\/uploads\/2023\/06\/5_Logo-1.jpg","contentUrl":"https:\/\/atravesdelpassatge.com\/wp-content\/uploads\/2023\/06\/5_Logo-1.jpg","width":1063,"height":709,"caption":"A trav\u00e9s del passatge"},"image":{"@id":"https:\/\/atravesdelpassatge.com\/es\/#\/schema\/logo\/image\/"},"sameAs":["https:\/\/www.instagram.com\/maria.verdera_arquitecta","https:\/\/linkedin.com\/in\/maria-verdera-garau"]}]}},"_links":{"self":[{"href":"https:\/\/atravesdelpassatge.com\/es\/wp-json\/wp\/v2\/pages\/12391","targetHints":{"allow":["GET"]}}],"collection":[{"href":"https:\/\/atravesdelpassatge.com\/es\/wp-json\/wp\/v2\/pages"}],"about":[{"href":"https:\/\/atravesdelpassatge.com\/es\/wp-json\/wp\/v2\/types\/page"}],"author":[{"embeddable":true,"href":"https:\/\/atravesdelpassatge.com\/es\/wp-json\/wp\/v2\/users\/1"}],"replies":[{"embeddable":true,"href":"https:\/\/atravesdelpassatge.com\/es\/wp-json\/wp\/v2\/comments?post=12391"}],"version-history":[{"count":5,"href":"https:\/\/atravesdelpassatge.com\/es\/wp-json\/wp\/v2\/pages\/12391\/revisions"}],"predecessor-version":[{"id":12510,"href":"https:\/\/atravesdelpassatge.com\/es\/wp-json\/wp\/v2\/pages\/12391\/revisions\/12510"}],"wp:attachment":[{"href":"https:\/\/atravesdelpassatge.com\/es\/wp-json\/wp\/v2\/media?parent=12391"}],"curies":[{"name":"wp","href":"https:\/\/api.w.org\/{rel}","templated":true}]}}